{"id":19,"date":"2020-01-17T08:52:22","date_gmt":"2020-01-17T08:52:22","guid":{"rendered":"https:\/\/memorialecoactivistas.org\/?p=19"},"modified":"2021-12-08T03:27:26","modified_gmt":"2021-12-08T03:27:26","slug":"about","status":"publish","type":"page","link":"https:\/\/memorialecoactivistas.org\/?page_id=19","title":{"rendered":"Qui\u00e9nes Somos"},"content":{"rendered":"<h1>\u00bfQui\u00e9nes Somos?<\/h1>\n<div>\n<p class=\"p1\"><strong>Somos un grupo de ciudadanos preocupados por nuestro entorno,<\/strong> por lo que en este sitio queremos recordar a los Eco-Activistas que murieron en acci\u00f3n, recopilando sus labores y \u00e9xitos durante su traves\u00eda. Somos aquellos que queremos recordar a los que murieron tratando de hacer este mundo algo mejor para todos.<\/p>\n<\/div>\n<p><!-- {\"type\":\"layout\",\"children\":[{\"type\":\"section\",\"props\":{\"style\":\"default\",\"width\":\"large\",\"vertical_align\":\"middle\",\"title_position\":\"top-left\",\"title_rotation\":\"left\",\"title_breakpoint\":\"xl\",\"image_position\":\"center-center\",\"padding\":\"large\",\"padding_remove_bottom\":false},\"children\":[{\"type\":\"row\",\"children\":[{\"type\":\"column\",\"props\":{\"image_position\":\"center-center\",\"media_overlay_gradient\":\"\",\"width_medium\":\"1-1\"},\"children\":[{\"type\":\"headline\",\"props\":{\"title_element\":\"h1\",\"title_style\":\"heading-medium\",\"title_color\":\"background\",\"content\":\"\\u00bfQui\\u00e9nes Somos?\",\"margin\":\"small\",\"text_align\":\"center\"}}]}]}],\"name\":\"Hero\"},{\"type\":\"section\",\"props\":{\"style\":\"default\",\"width\":\"default\",\"vertical_align\":\"middle\",\"title_position\":\"top-left\",\"title_rotation\":\"left\",\"title_breakpoint\":\"xl\",\"image_position\":\"center-center\",\"padding\":\"xlarge\",\"image\":\"wp-content\\\/uploads\\\/yootheme\\\/about-hero.jpg\",\"image_size\":\"cover\",\"image_effect\":\"parallax\",\"image_parallax_breakpoint\":\"m\",\"image_parallax_bgy_start\":\"50\",\"image_parallax_bgy_end\":\"-50\",\"css\":\".el-section > [class*='uk-background-'] { min-height: 55vh; }\",\"image_width\":\"2560\"},\"children\":[{\"type\":\"row\",\"children\":[{\"type\":\"column\",\"props\":{\"image_position\":\"center-center\",\"media_overlay_gradient\":\"\",\"width_medium\":\"1-1\"},\"children\":[]}]}],\"name\":\"Image\"},{\"type\":\"section\",\"props\":{\"style\":\"muted\",\"width\":\"large\",\"vertical_align\":\"middle\",\"title_position\":\"top-left\",\"title_rotation\":\"left\",\"title_breakpoint\":\"xl\",\"image_position\":\"center-center\",\"padding_remove_bottom\":false,\"id\":\"about\"},\"children\":[{\"type\":\"row\",\"props\":{\"row_gap\":\"medium\"},\"children\":[{\"type\":\"column\",\"props\":{\"image_position\":\"center-center\",\"media_overlay_gradient\":\"\",\"width_medium\":\"\"},\"children\":[{\"type\":\"text\",\"props\":{\"margin\":\"medium\",\"column_breakpoint\":\"m\",\"text_style\":\"lead\",\"content\":\"\n\n<p class=\\\"p1\\\"><strong>Somos un grupo de ciudadanos preocupados por nuestro entorno,<\\\/strong> por lo que en este sitio queremos recordar a los Eco-Activistas que murieron en acci\\u00f3n, recopilando sus labores y \\u00e9xitos durante su traves\\u00eda. Somos aquellos que queremos recordar a los que murieron tratando de hacer este mundo algo mejor para todos.<\\\/p>\",\"text_align\":\"justify\"}}]}]}],\"name\":\"About\"}],\"version\":\"2.1.2\"} --><\/p>\n","protected":false},"excerpt":{"rendered":"<p>\u00bfQui\u00e9nes Somos? Somos un grupo de ciudadanos preocupados por nuestro entorno, por lo que en este sitio queremos recordar a los Eco-Activistas que murieron en acci\u00f3n, recopilando sus labores y \u00e9xitos durante su traves\u00eda. Somos aquellos que queremos recordar a los que murieron tratando de hacer este mundo algo mejor para todos.<\/p>\n","protected":false},"author":1,"featured_media":0,"parent":0,"menu_order":3,"comment_status":"open","ping_status":"closed","template":"","meta":[],"acf":[],"_links":{"self":[{"href":"https:\/\/memorialecoactivistas.org\/index.php?rest_route=\/wp\/v2\/pages\/19"}],"collection":[{"href":"https:\/\/memorialecoactivistas.org\/index.php?rest_route=\/wp\/v2\/pages"}],"about":[{"href":"https:\/\/memorialecoactivistas.org\/index.php?rest_route=\/wp\/v2\/types\/page"}],"author":[{"embeddable":true,"href":"https:\/\/memorialecoactivistas.org\/index.php?rest_route=\/wp\/v2\/users\/1"}],"replies":[{"embeddable":true,"href":"https:\/\/memorialecoactivistas.org\/index.php?rest_route=%2Fwp%2Fv2%2Fcomments&post=19"}],"version-history":[{"count":25,"href":"https:\/\/memorialecoactivistas.org\/index.php?rest_route=\/wp\/v2\/pages\/19\/revisions"}],"predecessor-version":[{"id":2061,"href":"https:\/\/memorialecoactivistas.org\/index.php?rest_route=\/wp\/v2\/pages\/19\/revisions\/2061"}],"wp:attachment":[{"href":"https:\/\/memorialecoactivistas.org\/index.php?rest_route=%2Fwp%2Fv2%2Fmedia&parent=19"}],"curies":[{"name":"wp","href":"https:\/\/api.w.org\/{rel}","templated":true}]}}